{"id":3,"date":"2021-02-03T19:25:34","date_gmt":"2021-02-03T18:25:34","guid":{"rendered":"http:\/\/anaromanature.com\/?page_id=3"},"modified":"2021-04-08T16:05:57","modified_gmt":"2021-04-08T15:05:57","slug":"politica-privacidad","status":"publish","type":"page","link":"https:\/\/www.anaromanature.com\/index.php\/politica-privacidad\/","title":{"rendered":"Pol\u00edtica Privacidad"},"content":{"rendered":"\r\n<h3 class=\"wp-block-heading\">1.- POL\u00cdTICA DE PRIVACIDAD<\/h3>\r\n<p>Ana Bel\u00e9n Ru\u00edz D\u00edaz propietario de la web www.anaromanature.com informa a los usuarios del sitio web sobre su pol\u00edtica respecto del tratamiento y protecci\u00f3n de los datos de car\u00e1cter personal de los usuarios y clientes que puedan ser recabados por la navegaci\u00f3n o contrataci\u00f3n de servicios a trav\u00e9s de su sitio web. En este sentido, Ana bel\u00e9n Ru\u00edz D\u00edaz. garantiza el cumplimiento de la normativa vigente en materia de protecci\u00f3n de datos personales, reflejada en la Ley Org\u00e1nica 15\/1999 de 13 de diciembre, de Protecci\u00f3n de Datos de Car\u00e1cter Personal y en el Real Decreto 1720\/2007, de 21 diciembre, por el que se aprueba el Reglamento de Desarrollo de la LOPD.\u00a0 El uso de esta web implica la aceptaci\u00f3n de esta pol\u00edtica de privacidad.<\/p>\r\n<h3>2. RECOGIDA, FINALIDAD Y TRATAMIENTOS DE DATOS<\/h3>\r\n<p>Ana Bel\u00e9n Ru\u00edz R\u00edaz tiene el deber de informar a los usuarios de su sitio web acerca de la recogida de datos de car\u00e1cter personal que pueden llevarse a cabo, bien sea mediante el env\u00edo de correo electr\u00f3nico o al cumplimentar los formularios incluidos en el sitio web. En este sentido, Ana Bel\u00e9n Ru\u00edz D\u00edaz ser\u00e1 considerada como responsable de los datos recabados mediante los medios anteriormente descritos.<br \/>A su vez Ana Bel\u00e9n Ru\u00edz D\u00edaz informa a los usuarios de que la finalidad del tratamiento de los datos recabados contempla: La atenci\u00f3n de solicitudes realizadas por los usuarios, la inclusi\u00f3n en la agenda de contactos, la prestaci\u00f3n de servicios y la gesti\u00f3n de la relaci\u00f3n comercial.<br \/>Las operaciones, gestiones y procedimientos t\u00e9cnicos que se realicen de forma automatizada o no automatizada y que posibiliten la recogida, el almacenamiento, la modificaci\u00f3n, la transferencia y otras acciones sobre datos de car\u00e1cter personal, tienen la consideraci\u00f3n de tratamiento de datos personales.<br \/>Todos los datos personales, que sean recogidos a trav\u00e9s del sitio web de , y por tanto tenga la consideraci\u00f3n de tratamiento de datos de car\u00e1cter personal, ser\u00e1n incorporados en los ficheros declarados ante la Agencia Espa\u00f1ola de Protecci\u00f3n de Datos por Ana Bel\u00e9n Ru\u00edz D\u00edaz.<\/p>\r\n<h3>3. COMUNICACI\u00d3N DE INFORMACI\u00d3N A TERCEROS<\/h3>\r\n<p>Ana Bel\u00e9n Ru\u00edz D\u00edaz informa a los usuarios de que sus datos personales no ser\u00e1n cedidos a terceras organizaciones, con la salvedad de que dicha cesi\u00f3n de datos este amparada en una obligaci\u00f3n legal o cuando la prestaci\u00f3n de un servicio implique la necesidad de una relaci\u00f3n contractual con un encargado de tratamiento. En este \u00faltimo caso, solo se llevar\u00e1 a cabo la cesi\u00f3n de datos al tercero cuando Ana Bel\u00e9n Ru\u00edz D\u00edaz disponga del consentimiento expreso del usuario.<\/p>\r\n<h3>4. DERECHOS DE LOS USUARIOS<\/h3>\r\n<p>La Ley Org\u00e1nica 15\/1999, de 13 de diciembre, de Protecci\u00f3n de Datos de Car\u00e1cter Personal concede a los interesados la posibilidad de ejercer una serie de derechos relacionados con el tratamiento de sus datos personales.<br \/>En tanto en cuanto los datos del usuario son objeto de tratamiento por parte de Ana Bel\u00e9n Ru\u00edz D\u00edaz. Los usuarios podr\u00e1n ejercer los derechos de acceso, rectificaci\u00f3n, cancelaci\u00f3n y oposici\u00f3n de acuerdo con lo previsto en la normativa legal vigente en materia de protecci\u00f3n de datos personales.<br \/>Para hacer uso del ejercicio de estos derechos, el usuario deber\u00e1 dirigirse mediante comunicaci\u00f3n escrita, aportando documentaci\u00f3n que acredite su identidad (DNI o pasaporte), a la siguiente direcci\u00f3n: <strong>Ana Bel\u00e9n Ru\u00edz D\u00edaz. NIF: 05679938L. C\/ Ram\u00f3n y Cajal, 102, C\u00f3digo postal: 13260, Ciudad: Bola\u00f1os de Calatrava, Provincia: Ciudad Real (ESPA\u00d1A)<\/strong> o la direcci\u00f3n que sea sustituida en el Registro General de Protecci\u00f3n de Datos. Dicha comunicaci\u00f3n deber\u00e1 reflejar la siguiente informaci\u00f3n: Nombre y apellidos del usuario, la petici\u00f3n de solicitud, el domicilio y los datos acreditativos. El ejercicio de derechos deber\u00e1 ser realizado por el propio usuario. No obstante, podr\u00e1n ser ejecutados por una persona autorizada como representante legal del autorizado. En tal caso, se deber\u00e1 aportar la documentaci\u00f3n que acredite esta representaci\u00f3n del interesado.<\/p>\r\n<h3>5. POL\u00cdTICA DE COOKIES<\/h3>\r\n<p><span style=\"font-size: 14px;\">ANA BEL\u00c9N RU\u00cdZ D\u00cdAZ informa acerca del uso de las cookies en su p\u00e1gina web: <\/span><a style=\"font-size: 14px;\" href=\"http:\/\/www.anaromanature.com\">www.anaromanature.com<\/a><\/p>\r\n<p><strong>\u00bfQu\u00e9 son las cookies?<\/strong><br \/>Las cookies son archivos que se pueden descargar en su equipo a trav\u00e9s de las p\u00e1ginas web. Son herramientas que tienen un papel esencial para la prestaci\u00f3n de numerosos servicios de la sociedad de la informaci\u00f3n. Entre otros, permiten a una p\u00e1gina web almacenar y recuperar informaci\u00f3n sobre los h\u00e1bitos de navegaci\u00f3n de un usuario o de su equipo y, dependiendo de la informaci\u00f3n obtenida, se pueden utilizar para reconocer al usuario y mejorar el servicio ofrecido.<br \/><strong>Tipos de cookies<\/strong><br \/>Seg\u00fan quien sea la entidad que gestione el dominio desde donde se env\u00edan las cookies y trate los datos que se obtengan se pueden distinguir dos tipos:<br \/>\u2022 Cookies propias: aqu\u00e9llas que se env\u00edan al equipo terminal del usuario desde un equipo o dominio gestionado por el propio editor y desde el que se presta el servicio solicitado por el usuario.<br \/>\u2022 Cookies de terceros: aqu\u00e9llas que se env\u00edan al equipo terminal del usuario desde un equipo o dominio que no es<br \/>gestionado por el editor, sino por otra entidad que trata los datos obtenidos trav\u00e9s de las cookies.<br \/>En el caso de que las cookies sean instaladas desde un equipo o dominio gestionado por el propio editor pero la informaci\u00f3n que se recoja mediante \u00e9stas sea gestionada por un tercero, no pueden ser consideradas como cookies propias.<br \/>Existe tambi\u00e9n una segunda clasificaci\u00f3n seg\u00fan el plazo de tiempo que permanecen almacenadas en el navegador del cliente, pudiendo tratarse de:<br \/>\u2022 Cookies de sesi\u00f3n: dise\u00f1adas para recabar y almacenar datos mientras el usuario accede a una p\u00e1gina web. Se<br \/>suelen emplear para almacenar informaci\u00f3n que solo interesa conservar para la prestaci\u00f3n del servicio<br \/>solicitado por el usuario en una sola ocasi\u00f3n (p.e. una lista de productos adquiridos).<br \/>\u2022 Cookies persistentes: los datos siguen almacenados en el terminal y pueden ser accedidos y tratados durante un<br \/>periodo definido por el responsable de la cookie, y que puede ir de unos minutos a varios a\u00f1os.<br \/>Por \u00faltimo, existe otra clasificaci\u00f3n con cinco tipos de cookies seg\u00fan la finalidad para la que se traten los datos obtenidos:<br \/>\u2022 Cookies t\u00e9cnicas: aquellas que permiten al usuario la navegaci\u00f3n a trav\u00e9s de una p\u00e1gina web,<br \/>plataforma o aplicaci\u00f3n y la utilizaci\u00f3n de las diferentes opciones o servicios que en ella existan como, por ejemplo, controlar el tr\u00e1fico y la comunicaci\u00f3n de datos, identificar la sesi\u00f3n, acceder a partes de acceso restringido, recordar los elementos que integran un pedido, realizar el proceso de compra de un pedido, realizar la solicitud de inscripci\u00f3n o participaci\u00f3n en un evento, utilizar elementos de seguridad durante la navegaci\u00f3n, almacenar contenidos para la difusi\u00f3n de v\u00eddeos o sonido o compartir contenidos a trav\u00e9s de redes sociales.<br \/>\u2022 Cookies de personalizaci\u00f3n: permiten al usuario acceder al servicio con algunas caracter\u00edsticas de car\u00e1cter general predefinidas en funci\u00f3n de una serie de criterios en el terminal del usuario como por ejemplo serian el idioma, el tipo de navegador a trav\u00e9s del cual accede al servicio, la configuraci\u00f3n regional desde donde accede al servicio, etc.<br \/>\u2022 Cookies de an\u00e1lisis: permiten al responsable de las mismas, el seguimiento y an\u00e1lisis del comportamiento de los<br \/>usuarios de los sitios web a los que est\u00e1n vinculadas. La informaci\u00f3n recogida mediante este tipo de cookies se<br \/>utiliza en la medici\u00f3n de la actividad de los sitios web, aplicaci\u00f3n o plataforma y para la elaboraci\u00f3n de perfiles<br \/>de navegaci\u00f3n de los usuarios de dichos sitios, aplicaciones y plataformas, con el fin de introducir mejoras en funci\u00f3n del an\u00e1lisis de los datos de uso que hacen los usuarios del servicio.<br \/>\u2022 Cookies publicitarias: permiten la gesti\u00f3n, de la forma m\u00e1s eficaz posible, de los espacios publicitarios.<br \/>\u2022 Cookies de publicidad comportamental: almacenan informaci\u00f3n del comportamiento de los usuarios obtenida a<br \/>trav\u00e9s de la observaci\u00f3n continuada de sus h\u00e1bitos de navegaci\u00f3n, lo que permite desarrollar un perfil espec\u00edfico<br \/>para mostrar publicidad en funci\u00f3n del mismo.<br \/>\u2022 Cookies de redes sociales externas: se utilizan para que los visitantes puedan interactuar con el contenido de<br \/>diferentes plataformas sociales (facebook, youtube, twitter, linkedIn, etc..) y que se generen \u00fanicamente para los usuarios de dichas redes sociales. Las condiciones de utilizaci\u00f3n de estas cookies y la informaci\u00f3n recopilada<br \/>se regula por la pol\u00edtica de privacidad de la plataforma social correspondiente.<br \/><strong>Desactivaci\u00f3n y eliminaci\u00f3n de cookies<\/strong><br \/>Tienes la opci\u00f3n de permitir, bloquear o eliminar las cookies instaladas en tu equipo mediante la configuraci\u00f3n de las opciones del navegador instalado en su equipo. Al desactivar cookies, algunos de los servicios disponibles podr\u00edan dejar de estar operativos. La\u00a0forma de deshabilitar las cookies es diferente para cada navegador, pero normalmente puede hacerse desde el men\u00fa Herramientas\u00a0u Opciones. Tambi\u00e9n puede consultarse el men\u00fa de Ayuda del navegador d\u00f3nde puedes encontrar instrucciones. El usuario podr\u00e1 en cualquier momento elegir qu\u00e9 cookies quiere que funcionen en este sitio web.<br \/>Puede usted permitir, bloquear o eliminar las cookies instaladas en su equipo mediante la configuraci\u00f3n de las opciones del navegador instalado en su ordenador:<br \/>\u2022 Microsoft Internet Explorer o Microsoft Edge:<br \/>http:\/\/windows.microsoft.com\/es-es\/windows-vista\/Block-or-allow-cookies<br \/>\u2022 Mozilla Firefox: http:\/\/support.mozilla.org\/es\/kb\/impedir-que-los-sitios-web-guarden-sus-preferencia<br \/>\u2022 Chrome: https:\/\/support.google.com\/accounts\/answer\/61416?hl=es<br \/>\u2022 Safari: http:\/\/safari.helpmax.net\/es\/privacidad-y-seguridad\/como-gestionar-las-cookies\/<br \/>\u2022 Opera: http:\/\/help.opera.com\/Linux\/10.60\/es-ES\/cookies.html<br \/>Adem\u00e1s, tambi\u00e9n puede gestionar el almac\u00e9n de cookies en su navegador a trav\u00e9s de herramientas como las siguientes<br \/>\u2022 Ghostery: www.ghostery.com\/<br \/>\u2022 Your online choices: www.youronlinechoices.com\/es\/<br \/>Cookies utilizadas en www.anaromanature.com<br \/>A continuaci\u00f3n se identifican las cookies que est\u00e1n siendo utilizadas en este portal as\u00ed como su tipolog\u00eda y funci\u00f3n:<br \/><strong>Aceptaci\u00f3n de la Pol\u00edtica de cookies<\/strong><br \/><a href=\"http:\/\/www.anaromanature.com\">www.anaromanature.com <\/a>asume que usted acepta el uso de cookies. No obstante, muestra informaci\u00f3n sobre su Pol\u00edtica de cookies en la parte inferior o superior de cualquier p\u00e1gina del portal con cada inicio de sesi\u00f3n con el objeto de que usted sea consciente.<br \/>Ante esta informaci\u00f3n es posible llevar a cabo las siguientes acciones:<br \/>\u2022 Aceptar cookies. No se volver\u00e1 a visualizar este aviso al acceder a cualquier p\u00e1gina del portal durante la presente sesi\u00f3n.<br \/>\u2022 Cerrar. Se oculta el aviso en la presente p\u00e1gina.<br \/>\u2022 Modificar su configuraci\u00f3n. Podr\u00e1 obtener m\u00e1s informaci\u00f3n sobre qu\u00e9 son las cookies, conocer la Pol\u00edtica de cookies de <a href=\"http:\/\/www.anaromanature.com\">www.anaromanature.com<\/a>\u00a0y\u00a0 modificar la configuraci\u00f3n de su navegador.<\/p>\r\n<h3>DATOS GENERALES<\/h3>\r\n<p>De acuerdo con el art\u00edculo 10 de la Ley 34\/2002, de 11 de julio, de Servicios de la Sociedad de la Informaci\u00f3n y de Comercio Electr\u00f3nico ponemos a su disposici\u00f3n los siguientes datos:<br \/><strong>Ana Bel\u00e9n Ru\u00edz D\u00edaz est\u00e1 domiciliada en la C\/ Ram\u00f3n y Cajal, 102, C\u00f3digo postal: 13260, Ciudad: Bola\u00f1os de Calatrava, Provincia: Ciudad Real, ESPA\u00d1A con NIF: 05679938L<\/strong><\/p>\r\n<h3>LEGISLACI\u00d3N APLICABLE<\/h3>\r\n<p>Las Condiciones Generales de Uso y el resto de condiciones legales del sitio web se rigen en todos y cada uno de sus extremos por la ley espa\u00f1ola.<\/p>\r\n<h3>PROPIEDAD INTELECTUAL E INDUSTRIAL<\/h3>\r\n<p>Cualquier uso no autorizado de las obras contenidas en www.anaromanature.com constituye una vulneraci\u00f3n de las referidas normas, as\u00ed como un delito que podr\u00e1 ser castigado de acuerdo con las leyes penales aplicables. En consecuencia queda estrictamente prohibida la fijaci\u00f3n, reproducci\u00f3n, traducci\u00f3n, distribuci\u00f3n, comunicaci\u00f3n p\u00fablica, puesta a disposici\u00f3n del p\u00fablico y \/ o transformaci\u00f3n de la totalidad o parte de las obras contenidas en esta p\u00e1gina, as\u00ed como cualquier otro acto de explotaci\u00f3n en relaci\u00f3n con estas obras, sin permiso previo, expreso y por escrito de los titulares de derechos.<\/p>\r\n<p>A efectos de lo previsto en el Art\u00edculo 32.1 del texto refundido de la Ley de Propiedad Intelectual, Ana Bel\u00e9n Ru\u00edz D\u00edaz se opone de manera expresa a la utilizaci\u00f3n de cualquiera de los contenidos de este portal web con el fin de realizar rese\u00f1as o revistas de prensa con fines comerciales (press-cliping) sin tener la previa autorizaci\u00f3n por escrito de Ana Bel\u00e9n Ru\u00edz D\u00edaz.<\/p>\r\n<p>La responsabilidad derivada del uso de materiales protegidos por derechos de Propiedad Intelectual y \/ o Industrial contenidos en esta p\u00e1gina corresponde exclusivamente al USUARIO. Se entender\u00e1 como acto de fijaci\u00f3n o en su caso de reproducci\u00f3n, la realizaci\u00f3n de copias, en el disco duro, por el USUARIO. de la totalidad o de parte de las obras contenidas en esta p\u00e1gina, a menos que sea para uso personal y exclusivo del USUARIO. Ana Bel\u00e9n Ru\u00edz D\u00edaz ostenta la titularidad de los derechos sobre sus marcas.<\/p>\r\n<p>En consecuencia, queda totalmente prohibido el uso, sin permiso previo, expreso y por escrito Ana Bel\u00e9n Ru\u00edz D\u00edaz. El USUARIO se obliga a respetar los derechos de Propiedad Intelectual e Industrial titularidad de Ana Bel\u00e9n Ru\u00edz D\u00edaz y \/ o de terceros. El incumplimiento de esta obligaci\u00f3n y la consiguiente infracci\u00f3n de los derechos de marca comportar\u00e1 la persecuci\u00f3n civil y, en su caso, penal de tales infracciones, de acuerdo con las Leyes y Tratados nacionales e internacionales en vigor.<\/p>\r\n<h3>MODIFICACI\u00d3N<\/h3>\r\n<p>Ana Bel\u00e9n Ru\u00edz D\u00edaz se reserva el derecho de efectuar sin previo aviso las modificaciones que considere oportunas en www.anaromanature.com, pudiendo cambiar, suprimir o a\u00f1adir tanto los contenidos y servicios que se presten a trav\u00e9s de la misma, como la forma en la que \u00e9stos aparezcan presentados o localizados en el.<\/p>\r\n<h3>MODIFICACI\u00d3N DE ESTAS CONDICIONES<\/h3>\r\n<p>Ana Bel\u00e9n Ru\u00edz D\u00edaz podr\u00e1 modificar en cualquier momento las condiciones aqu\u00ed determinadas, siendo debidamente publicadas como aqu\u00ed aparecen.<\/p>\r\n","protected":false},"excerpt":{"rendered":"<p>1.- POL\u00cdTICA DE PRIVACIDAD Ana Bel\u00e9n Ru\u00edz D\u00edaz propietario de la web www.anaromanature.com informa a los usuarios del sitio web sobre su pol\u00edtica respecto del tratamiento y protecci\u00f3n de los datos de car\u00e1cter personal de los usuarios y clientes que puedan ser recabados por la navegaci\u00f3n o contrataci\u00f3n de servicios a trav\u00e9s de su sitio &hellip; <\/p>\n","protected":false},"author":1,"featured_media":0,"parent":0,"menu_order":0,"comment_status":"closed","ping_status":"closed","template":"","meta":{"_joinchat":[],"footnotes":""},"class_list":["post-3","page","type-page","status-publish","hentry","latest_post"],"yoast_head":"<!-- This site is optimized with the Yoast SEO plugin v27.4 - https:\/\/yoast.com\/product\/yoast-seo-wordpress\/ -->\n<title>Pol\u00edtica Privacidad - Anaroma Nature<\/title>\n<meta name=\"robots\" content=\"index, follow, max-snippet:-1, max-image-preview:large, max-video-preview:-1\" \/>\n<link rel=\"canonical\" href=\"https:\/\/www.anaromanature.com\/index.php\/politica-privacidad\/\" \/>\n<meta property=\"og:locale\" content=\"es_ES\" \/>\n<meta property=\"og:type\" content=\"article\" \/>\n<meta property=\"og:title\" content=\"Pol\u00edtica Privacidad - Anaroma Nature\" \/>\n<meta property=\"og:description\" content=\"1.- POL\u00cdTICA DE PRIVACIDAD Ana Bel\u00e9n Ru\u00edz D\u00edaz propietario de la web www.anaromanature.com informa a los usuarios del sitio web sobre su pol\u00edtica respecto del tratamiento y protecci\u00f3n de los datos de car\u00e1cter personal de los usuarios y clientes que puedan ser recabados por la navegaci\u00f3n o contrataci\u00f3n de servicios a trav\u00e9s de su sitio &hellip;\" \/>\n<meta property=\"og:url\" content=\"https:\/\/www.anaromanature.com\/index.php\/politica-privacidad\/\" \/>\n<meta property=\"og:site_name\" content=\"Anaroma Nature\" \/>\n<meta property=\"article:publisher\" content=\"http:\/\/facebook.com\/Anaroma-326324794814915\" \/>\n<meta property=\"article:modified_time\" content=\"2021-04-08T15:05:57+00:00\" \/>\n<meta property=\"og:image\" content=\"https:\/\/www.anaromanature.com\/wp-content\/uploads\/2021\/02\/cropped-cropped-Logotipo-1.jpg\" \/>\n\t<meta property=\"og:image:width\" content=\"290\" \/>\n\t<meta property=\"og:image:height\" content=\"290\" \/>\n\t<meta property=\"og:image:type\" content=\"image\/jpeg\" \/>\n<meta name=\"twitter:card\" content=\"summary_large_image\" \/>\n<meta name=\"twitter:label1\" content=\"Tiempo de lectura\" \/>\n\t<meta name=\"twitter:data1\" content=\"10 minutos\" \/>\n<script type=\"application\/ld+json\" class=\"yoast-schema-graph\">{\"@context\":\"https:\\\/\\\/schema.org\",\"@graph\":[{\"@type\":\"WebPage\",\"@id\":\"https:\\\/\\\/www.anaromanature.com\\\/index.php\\\/politica-privacidad\\\/\",\"url\":\"https:\\\/\\\/www.anaromanature.com\\\/index.php\\\/politica-privacidad\\\/\",\"name\":\"Pol\u00edtica Privacidad - Anaroma Nature\",\"isPartOf\":{\"@id\":\"https:\\\/\\\/www.anaromanature.com\\\/#website\"},\"datePublished\":\"2021-02-03T18:25:34+00:00\",\"dateModified\":\"2021-04-08T15:05:57+00:00\",\"breadcrumb\":{\"@id\":\"https:\\\/\\\/www.anaromanature.com\\\/index.php\\\/politica-privacidad\\\/#breadcrumb\"},\"inLanguage\":\"es\",\"potentialAction\":[{\"@type\":\"ReadAction\",\"target\":[\"https:\\\/\\\/www.anaromanature.com\\\/index.php\\\/politica-privacidad\\\/\"]}]},{\"@type\":\"BreadcrumbList\",\"@id\":\"https:\\\/\\\/www.anaromanature.com\\\/index.php\\\/politica-privacidad\\\/#breadcrumb\",\"itemListElement\":[{\"@type\":\"ListItem\",\"position\":1,\"name\":\"Portada\",\"item\":\"https:\\\/\\\/www.anaromanature.com\\\/\"},{\"@type\":\"ListItem\",\"position\":2,\"name\":\"Pol\u00edtica Privacidad\"}]},{\"@type\":\"WebSite\",\"@id\":\"https:\\\/\\\/www.anaromanature.com\\\/#website\",\"url\":\"https:\\\/\\\/www.anaromanature.com\\\/\",\"name\":\"Anaroma Nature\",\"description\":\"Aromas y color\",\"publisher\":{\"@id\":\"https:\\\/\\\/www.anaromanature.com\\\/#organization\"},\"potentialAction\":[{\"@type\":\"SearchAction\",\"target\":{\"@type\":\"EntryPoint\",\"urlTemplate\":\"https:\\\/\\\/www.anaromanature.com\\\/?s={search_term_string}\"},\"query-input\":{\"@type\":\"PropertyValueSpecification\",\"valueRequired\":true,\"valueName\":\"search_term_string\"}}],\"inLanguage\":\"es\"},{\"@type\":\"Organization\",\"@id\":\"https:\\\/\\\/www.anaromanature.com\\\/#organization\",\"name\":\"Anaroma Nature\",\"url\":\"https:\\\/\\\/www.anaromanature.com\\\/\",\"logo\":{\"@type\":\"ImageObject\",\"inLanguage\":\"es\",\"@id\":\"https:\\\/\\\/www.anaromanature.com\\\/#\\\/schema\\\/logo\\\/image\\\/\",\"url\":\"https:\\\/\\\/i2.wp.com\\\/www.anaromanature.com\\\/wp-content\\\/uploads\\\/2021\\\/02\\\/cropped-Logotipo-Anaroma-2.png?fit=290%2C288&ssl=1\",\"contentUrl\":\"https:\\\/\\\/i2.wp.com\\\/www.anaromanature.com\\\/wp-content\\\/uploads\\\/2021\\\/02\\\/cropped-Logotipo-Anaroma-2.png?fit=290%2C288&ssl=1\",\"width\":290,\"height\":288,\"caption\":\"Anaroma Nature\"},\"image\":{\"@id\":\"https:\\\/\\\/www.anaromanature.com\\\/#\\\/schema\\\/logo\\\/image\\\/\"},\"sameAs\":[\"http:\\\/\\\/facebook.com\\\/Anaroma-326324794814915\",\"http:\\\/\\\/instagram.com\\\/anaromanature\"]}]}<\/script>\n<!-- \/ Yoast SEO plugin. -->","yoast_head_json":{"title":"Pol\u00edtica Privacidad - Anaroma Nature","robots":{"index":"index","follow":"follow","max-snippet":"max-snippet:-1","max-image-preview":"max-image-preview:large","max-video-preview":"max-video-preview:-1"},"canonical":"https:\/\/www.anaromanature.com\/index.php\/politica-privacidad\/","og_locale":"es_ES","og_type":"article","og_title":"Pol\u00edtica Privacidad - Anaroma Nature","og_description":"1.- POL\u00cdTICA DE PRIVACIDAD Ana Bel\u00e9n Ru\u00edz D\u00edaz propietario de la web www.anaromanature.com informa a los usuarios del sitio web sobre su pol\u00edtica respecto del tratamiento y protecci\u00f3n de los datos de car\u00e1cter personal de los usuarios y clientes que puedan ser recabados por la navegaci\u00f3n o contrataci\u00f3n de servicios a trav\u00e9s de su sitio &hellip;","og_url":"https:\/\/www.anaromanature.com\/index.php\/politica-privacidad\/","og_site_name":"Anaroma Nature","article_publisher":"http:\/\/facebook.com\/Anaroma-326324794814915","article_modified_time":"2021-04-08T15:05:57+00:00","og_image":[{"width":290,"height":290,"url":"https:\/\/www.anaromanature.com\/wp-content\/uploads\/2021\/02\/cropped-cropped-Logotipo-1.jpg","type":"image\/jpeg"}],"twitter_card":"summary_large_image","twitter_misc":{"Tiempo de lectura":"10 minutos"},"schema":{"@context":"https:\/\/schema.org","@graph":[{"@type":"WebPage","@id":"https:\/\/www.anaromanature.com\/index.php\/politica-privacidad\/","url":"https:\/\/www.anaromanature.com\/index.php\/politica-privacidad\/","name":"Pol\u00edtica Privacidad - Anaroma Nature","isPartOf":{"@id":"https:\/\/www.anaromanature.com\/#website"},"datePublished":"2021-02-03T18:25:34+00:00","dateModified":"2021-04-08T15:05:57+00:00","breadcrumb":{"@id":"https:\/\/www.anaromanature.com\/index.php\/politica-privacidad\/#breadcrumb"},"inLanguage":"es","potentialAction":[{"@type":"ReadAction","target":["https:\/\/www.anaromanature.com\/index.php\/politica-privacidad\/"]}]},{"@type":"BreadcrumbList","@id":"https:\/\/www.anaromanature.com\/index.php\/politica-privacidad\/#breadcrumb","itemListElement":[{"@type":"ListItem","position":1,"name":"Portada","item":"https:\/\/www.anaromanature.com\/"},{"@type":"ListItem","position":2,"name":"Pol\u00edtica Privacidad"}]},{"@type":"WebSite","@id":"https:\/\/www.anaromanature.com\/#website","url":"https:\/\/www.anaromanature.com\/","name":"Anaroma Nature","description":"Aromas y color","publisher":{"@id":"https:\/\/www.anaromanature.com\/#organization"},"potentialAction":[{"@type":"SearchAction","target":{"@type":"EntryPoint","urlTemplate":"https:\/\/www.anaromanature.com\/?s={search_term_string}"},"query-input":{"@type":"PropertyValueSpecification","valueRequired":true,"valueName":"search_term_string"}}],"inLanguage":"es"},{"@type":"Organization","@id":"https:\/\/www.anaromanature.com\/#organization","name":"Anaroma Nature","url":"https:\/\/www.anaromanature.com\/","logo":{"@type":"ImageObject","inLanguage":"es","@id":"https:\/\/www.anaromanature.com\/#\/schema\/logo\/image\/","url":"https:\/\/i2.wp.com\/www.anaromanature.com\/wp-content\/uploads\/2021\/02\/cropped-Logotipo-Anaroma-2.png?fit=290%2C288&ssl=1","contentUrl":"https:\/\/i2.wp.com\/www.anaromanature.com\/wp-content\/uploads\/2021\/02\/cropped-Logotipo-Anaroma-2.png?fit=290%2C288&ssl=1","width":290,"height":288,"caption":"Anaroma Nature"},"image":{"@id":"https:\/\/www.anaromanature.com\/#\/schema\/logo\/image\/"},"sameAs":["http:\/\/facebook.com\/Anaroma-326324794814915","http:\/\/instagram.com\/anaromanature"]}]}},"_links":{"self":[{"href":"https:\/\/www.anaromanature.com\/index.php\/wp-json\/wp\/v2\/pages\/3","targetHints":{"allow":["GET"]}}],"collection":[{"href":"https:\/\/www.anaromanature.com\/index.php\/wp-json\/wp\/v2\/pages"}],"about":[{"href":"https:\/\/www.anaromanature.com\/index.php\/wp-json\/wp\/v2\/types\/page"}],"author":[{"embeddable":true,"href":"https:\/\/www.anaromanature.com\/index.php\/wp-json\/wp\/v2\/users\/1"}],"replies":[{"embeddable":true,"href":"https:\/\/www.anaromanature.com\/index.php\/wp-json\/wp\/v2\/comments?post=3"}],"version-history":[{"count":6,"href":"https:\/\/www.anaromanature.com\/index.php\/wp-json\/wp\/v2\/pages\/3\/revisions"}],"predecessor-version":[{"id":3193,"href":"https:\/\/www.anaromanature.com\/index.php\/wp-json\/wp\/v2\/pages\/3\/revisions\/3193"}],"wp:attachment":[{"href":"https:\/\/www.anaromanature.com\/index.php\/wp-json\/wp\/v2\/media?parent=3"}],"curies":[{"name":"wp","href":"https:\/\/api.w.org\/{rel}","templated":true}]}}